{"id":5924,"date":"2020-08-22T20:36:43","date_gmt":"2020-08-22T18:36:43","guid":{"rendered":"https:\/\/www.gillinger.at\/psychotherapie\/?page_id=5924"},"modified":"2024-08-20T20:07:37","modified_gmt":"2024-08-20T18:07:37","slug":"impressum","status":"publish","type":"page","link":"https:\/\/www.gillinger.at\/psychotherapie\/impressum\/","title":{"rendered":"IMPRESSUM"},"content":{"rendered":"\n<p><strong>Information gem\u00e4\u00df \u00a7 5 E-Commerce-Gesetz \/ Offenlegung gem\u00e4\u00df \u00a7 25 Mediengesetz<\/strong><\/p>\n\n\n\n<p><strong>Medieninhaberin &amp; f\u00fcr den Inhalt verantwortlich:<\/strong><br>Mag.a Daniela Gillinger, MA MEd MSc, Psychotherapeutin (Integrative Therapie)<br>Franziskanergasse 12\/4, 3100 St. P\u00f6lten<br>Telefon: +43 699 11011 815<br>Mitgliedschaft: \u00d6sterreichische Gesellschaft f\u00fcr Integrative Therapie (\u00d6GIT) sowie Nieder\u00f6sterreichische Gesellschaft f\u00fcr psychotherapeutische Versorgung (NOEGPV)<br>Aufsichtsbeh\u00f6rde: Bundesministerium f\u00fcr Arbeit, Soziales, Gesundheit und Konsumentenschutz<br>Die Aus\u00fcbung der Psychotherapie ist durch das \u00f6sterreichische Psychotherapiegesetz geregelt.<\/p>\n\n\n\n<p><strong>Copyright:<\/strong><br>Alle Inhalte auf dieser Website sind urheberrechtlich gesch\u00fctzt.<\/p>\n\n\n\n<p><strong>Disclaimer:<\/strong><br>Die Website stellt kein Angebot im rechtlichen Sinn dar. Ich behalte mir das Recht vor, die Website jederzeit zu erg\u00e4nzen oder Informationen zu \u00e4ndern oder zu l\u00f6schen und hafte in keinem Fall f\u00fcr allf\u00e4lligen Schaden, welcher als Folge des Gebrauchs von Informationen und Material aus dieser Website oder durch Zugriff \u00fcber Links auf andere Webseiten entsteht. Bei Verlinkungen auf weitere Online-Angebote \u00fcbernehme ich keine Haftung f\u00fcr Inhalt, Funktionalit\u00e4t und Verf\u00fcgbarkeit der verlinkten Website(n).<\/p>\n\n\n\n<div style=\"height:20px\" aria-hidden=\"true\" class=\"wp-block-spacer\"><\/div>\n\n\n<h2>DATENSCHUTZERKL\u00c4RUNG<\/h2>\n<p>Personenbezogene Daten (nachfolgend zumeist nur \u201eDaten\u201c genannt) werden von uns nur im Rahmen der Erforderlichkeit sowie zum Zwecke der Bereitstellung eines funktionsf\u00e4higen und nutzerfreundlichen Internetauftritts, inklusive seiner Inhalte und der dort angebotenen Leistungen, verarbeitet.<\/p>\n<p>Gem\u00e4\u00df Art. 4 Ziffer 1. der Verordnung (EU) 2016\/679, also der Datenschutz-Grundverordnung (nachfolgend nur \u201eDSGVO\u201c genannt), gilt als \u201eVerarbeitung\u201c jeder mit oder ohne Hilfe automatisierter Verfahren ausgef\u00fchrter Vorgang oder jede solche Vorgangsreihe im Zusammenhang mit personenbezogenen Daten, wie das Erheben, das Erfassen, die Organisation, das Ordnen, die Speicherung, die Anpassung oder Ver\u00e4nderung, das Auslesen, das Abfragen, die Verwendung, die Offenlegung durch \u00dcbermittlung, Verbreitung oder eine andere Form der Bereitstellung, den Abgleich oder die Verkn\u00fcpfung, die Einschr\u00e4nkung, das L\u00f6schen oder die Vernichtung.<\/p>\n<p>Mit der nachfolgenden Datenschutzerkl\u00e4rung informieren wir Sie insbesondere \u00fcber Art, Umfang, Zweck, Dauer und Rechtsgrundlage der Verarbeitung personenbezogener Daten, soweit wir entweder allein oder gemeinsam mit anderen \u00fcber die Zwecke und Mittel der Verarbeitung entscheiden. Zudem informieren wir Sie nachfolgend \u00fcber die von uns zu Optimierungszwecken sowie zur Steigerung der Nutzungsqualit\u00e4t eingesetzten Fremdkomponenten, soweit hierdurch Dritte Daten in wiederum eigener Verantwortung verarbeiten.<\/p>\n<p>Unsere Datenschutzerkl\u00e4rung ist wie folgt gegliedert:<\/p>\n<p>I. Informationen \u00fcber uns als Verantwortliche<br \/>II. Rechte der Nutzer und Betroffenen<br \/>III. Informationen zur Datenverarbeitung<\/p>\n<h3>I. Informationen \u00fcber uns als Verantwortliche<\/h3>\n<p>Verantwortlicher Anbieter dieses Internetauftritts im datenschutzrechtlichen Sinne ist:<\/p>\n<p>Mag. a Daniela Gillinger, MA MEd MSc, Franziskanergasse 12\/4, 3100 St. P\u00f6lten, Tel.: 0699 11011815, praxis@gillinger.at<\/p>\n<h3>II. Rechte der Nutzer und Betroffenen<\/h3>\n<p>Mit Blick auf die nachfolgend noch n\u00e4her beschriebene Datenverarbeitung haben die Nutzer und Betroffenen das Recht<\/p>\n<ul>\n<li>auf Best\u00e4tigung, ob sie betreffende Daten verarbeitet werden, auf Auskunft \u00fcber die verarbeiteten Daten, auf weitere Informationen \u00fcber die Datenverarbeitung sowie auf Kopien der Daten (vgl. auch Art. 15 DSGVO);<\/li>\n<li>auf Berichtigung oder Vervollst\u00e4ndigung unrichtiger bzw. unvollst\u00e4ndiger Daten (vgl. auch Art. 16 DSGVO);<\/li>\n<li>auf unverz\u00fcgliche L\u00f6schung der sie betreffenden Daten (vgl. auch Art. 17 DSGVO), oder, alternativ, soweit eine weitere Verarbeitung gem\u00e4\u00df Art. 17 Abs. 3 DSGVO erforderlich ist, auf Einschr\u00e4nkung der Verarbeitung nach Ma\u00dfgabe von Art. 18 DSGVO;<\/li>\n<li>auf Erhalt der sie betreffenden und von ihnen bereitgestellten Daten und auf \u00dcbermittlung dieser Daten an andere Anbieter\/Verantwortliche (vgl. auch Art. 20 DSGVO);<\/li>\n<li>auf Beschwerde gegen\u00fcber der Aufsichtsbeh\u00f6rde, sofern sie der Ansicht sind, dass die sie betreffenden Daten durch den Anbieter unter Versto\u00df gegen datenschutzrechtliche Bestimmungen verarbeitet werden (vgl. auch Art. 77 DSGVO).<\/li>\n<\/ul>\n<p>Dar\u00fcber hinaus ist der Anbieter dazu verpflichtet, alle Empf\u00e4nger, denen gegen\u00fcber Daten durch den Anbieter offengelegt worden sind, \u00fcber jedwede Berichtigung oder L\u00f6schung von Daten oder die Einschr\u00e4nkung der Verarbeitung, die aufgrund der Artikel 16, 17 Abs. 1, 18 DSGVO erfolgt, zu unterrichten. Diese Verpflichtung besteht jedoch nicht, soweit diese Mitteilung unm\u00f6glich oder mit einem unverh\u00e4ltnism\u00e4\u00dfigen Aufwand verbunden ist. Unbeschadet dessen hat der Nutzer ein Recht auf Auskunft \u00fcber diese Empf\u00e4nger.<\/p>\n<p><strong>Ebenfalls haben die Nutzer und Betroffenen nach Art. 21 DSGVO das Recht auf Widerspruch gegen die k\u00fcnftige Verarbeitung der sie betreffenden Daten, sofern die Daten durch den Anbieter nach Ma\u00dfgabe von Art. 6 Abs. 1 lit. f) DSGVO verarbeitet werden. Insbesondere ist ein Widerspruch gegen die Datenverarbeitung zum Zwecke der Direktwerbung statthaft.<\/strong><\/p>\n<h3>III. Informationen zur Datenverarbeitung<\/h3>\n<p>Ihre bei Nutzung unseres Internetauftritts verarbeiteten Daten werden gel\u00f6scht oder gesperrt, sobald der Zweck der Speicherung entf\u00e4llt, der L\u00f6schung der Daten keine gesetzlichen Aufbewahrungspflichten entgegenstehen und nachfolgend keine anderslautenden Angaben zu einzelnen Verarbeitungsverfahren gemacht werden.<\/p>\n<h4>Serverdaten<\/h4>\n<p>Aus technischen Gr\u00fcnden, insbesondere zur Gew\u00e4hrleistung eines sicheren und stabilen Internetauftritts, werden Daten durch Ihren Internet-Browser an uns bzw. an unseren Webspace-Provider \u00fcbermittelt. Mit diesen sog. Server-Logfiles werden u.a. Typ und Version Ihres Internetbrowsers, das Betriebssystem, die Website, von der aus Sie auf unseren Internetauftritt gewechselt haben (Referrer URL), die Website(s) unseres Internetauftritts, die Sie besuchen, Datum und Uhrzeit des jeweiligen Zugriffs sowie die IP-Adresse des Internetanschlusses, von dem aus die Nutzung unseres Internetauftritts erfolgt, erhoben.<\/p>\n<p>Diese so erhobenen Daten werden vorr\u00fcbergehend gespeichert, dies jedoch nicht gemeinsam mit anderen Daten von Ihnen.<\/p>\n<p>Diese Speicherung erfolgt auf der Rechtsgrundlage von Art. 6 Abs. 1 lit. f) DSGVO. Unser berechtigtes Interesse liegt in der Verbesserung, Stabilit\u00e4t, Funktionalit\u00e4t und Sicherheit unseres Internetauftritts.<\/p>\n<p>Die Daten werden sp\u00e4testens nach sieben Tage wieder gel\u00f6scht, soweit keine weitere Aufbewahrung zu Beweiszwecken erforderlich ist. Andernfalls sind die Daten bis zur endg\u00fcltigen Kl\u00e4rung eines Vorfalls ganz oder teilweise von der L\u00f6schung ausgenommen.<\/p>\n<h4>Cookies<\/h4>\n<h5>a) Sitzungs-Cookies\/Session-Cookies<\/h5>\n<p>Wir verwenden mit unserem Internetauftritt sog. Cookies. Cookies sind kleine Textdateien oder andere Speichertechnologien, die durch den von Ihnen eingesetzten Internet-Browser auf Ihrem Endger\u00e4t ablegt und gespeichert werden. Durch diese Cookies werden im individuellen Umfang bestimmte Informationen von Ihnen, wie beispielsweise Ihre Browser- oder Standortdaten oder Ihre IP-Adresse, verarbeitet. \u00a0<\/p>\n<p>Durch diese Verarbeitung wird unser Internetauftritt benutzerfreundlicher, effektiver und sicherer, da die Verarbeitung bspw. die Wiedergabe unseres Internetauftritts in unterschiedlichen Sprachen oder das Angebot einer Warenkorbfunktion erm\u00f6glicht.<\/p>\n<p>Rechtsgrundlage dieser Verarbeitung ist Art. 6 Abs. 1 lit b.) DSGVO, sofern diese Cookies Daten zur Vertragsanbahnung oder Vertragsabwicklung verarbeitet werden.<\/p>\n<p>Falls die Verarbeitung nicht der Vertragsanbahnung oder Vertragsabwicklung dient, liegt unser berechtigtes Interesse in der Verbesserung der Funktionalit\u00e4t unseres Internetauftritts. Rechtsgrundlage ist in dann Art. 6 Abs. 1 lit. f) DSGVO.<\/p>\n<p>Mit Schlie\u00dfen Ihres Internet-Browsers werden diese Session-Cookies gel\u00f6scht.<\/p>\n<h5>b) Drittanbieter-Cookies<\/h5>\n<p>Gegebenenfalls werden mit unserem Internetauftritt auch Cookies von Partnerunternehmen, mit denen wir zum Zwecke der Werbung, der Analyse oder der Funktionalit\u00e4ten unseres Internetauftritts zusammenarbeiten, verwendet.<\/p>\n<p>Die Einzelheiten hierzu, insbesondere zu den Zwecken und den Rechtsgrundlagen der Verarbeitung solcher Drittanbieter-Cookies, entnehmen Sie bitte den nachfolgenden Informationen.<\/p>\n<h5>c) Beseitigungsm\u00f6glichkeit<\/h5>\n<p>Sie k\u00f6nnen die Installation der Cookies durch eine Einstellung Ihres Internet-Browsers verhindern oder einschr\u00e4nken. Ebenfalls k\u00f6nnen Sie bereits gespeicherte Cookies jederzeit l\u00f6schen. Die hierf\u00fcr erforderlichen Schritte und Ma\u00dfnahmen h\u00e4ngen jedoch von Ihrem konkret genutzten Internet-Browser ab. Bei Fragen benutzen Sie daher bitte die Hilfefunktion oder Dokumentation Ihres Internet-Browsers oder wenden sich an dessen Hersteller bzw. Support. Bei sog. Flash-Cookies kann die Verarbeitung allerdings nicht \u00fcber die Einstellungen des Browsers unterbunden werden. Stattdessen m\u00fcssen Sie insoweit die Einstellung Ihres Flash-Players \u00e4ndern. Auch die hierf\u00fcr erforderlichen Schritte und Ma\u00dfnahmen h\u00e4ngen von Ihrem konkret genutzten Flash-Player ab. Bei Fragen benutzen Sie daher bitte ebenso die Hilfefunktion oder Dokumentation Ihres Flash-Players oder wenden sich an den Hersteller bzw. Benutzer-Support.<\/p>\n<p>Sollten Sie die Installation der Cookies verhindern oder einschr\u00e4nken, kann dies allerdings dazu f\u00fchren, dass nicht s\u00e4mtliche Funktionen unseres Internetauftritts vollumf\u00e4nglich nutzbar sind.<\/p>\n<h4>Cookie Manager<\/h4>\n<p>Zur Einholung einer Einwilligung zum Einsatz von technisch nicht notwendigen Cookies auf der Website, setzt der Anbieter einen Cookie-Manager ein.<\/p>\n<p>Bei dem Aufruf der Website wird ein Cookie mit den Einstellungsinformationen auf dem Endger\u00e4t des Nutzers abgelegt, sodass bei einem weiteren Besuch die Abfrage in Bezug auf die Einwilligung nicht erfolgen muss.<\/p>\n<p>Das Cookie ist erforderlich um eine rechtskonforme Einwilligung des Nutzers einzuholen.<\/p>\n<p>Die Installation der Cookies kann der Nutzer durch Einstellungen seines Browsers verhindern bzw. beenden.<\/p>\n<p><a href=\"https:\/\/www.ratgeberrecht.eu\/leistungen\/muster-datenschutzerklaerung.html\" target=\"_blank\" rel=\"noopener\">Muster-Datenschutzerkl\u00e4rung<\/a> der <a href=\"https:\/\/www.ratgeberrecht.eu\/datenschutz\/datenschutzerklaerung-generator-dsgvo.html\" target=\"_blank\" rel=\"noopener\">Anwaltskanzlei Wei\u00df &amp; Partner<\/a><\/p>\n\n\n<p><\/p>\n\n\n\n<div style=\"height:20px\" aria-hidden=\"true\" class=\"wp-block-spacer\"><\/div>\n\n\n\n<h3 class=\"wp-block-heading\">AGB<\/h3>\n\n\n\n<p><strong>Therapievertrag:<\/strong><br>Mit der Terminvereinbarung entsteht ein m\u00fcndlicher Vertrag, der Sie verpflichtet, das vereinbarte Honorar ohne Abzug und ohne Verz\u00f6gerung zu bezahlen \u2013 au\u00dfer der Termin wurde bis 48 Stunden vorher per E-Mail oder telefonisch abgesagt (gem. ABGB \u00a7 1168 Abs. 1 Satz 1). Die 48-Stunden-Absageregelung gilt unabh\u00e4ngig vom Grund der Verhinderung. Es gilt Barzahlung am Ende jeder Therapieeinheit. Bei kurzfristiger Absage innerhalb der 48 Stunden vor dem Termin bzw. Nicht-Erscheinen zum vereinbarten Termin, wird die Honorarnote an die angegebene E-Mail-Adresse versandt (sofortige F\u00e4lligkeit). Bei Zahlungsverzug k\u00f6nnen Mahnspesen i.H. von Eur 30,- \u00fcber ein Inkassoservice anfallen.<\/p>\n\n\n\n<p><strong>Elektronischer Versand:<\/strong><br>Der elektronische Versand jeglicher Daten erfolgt auf Gefahr der InteressentInnen\/KlientInnen\/PatientInnen.<\/p>\n\n\n\n<p><strong>Gerichtsstand:<\/strong><br>Der Gerichtsstand f\u00fcr allf\u00e4llige Streitigkeiten ist St. P\u00f6lten.<\/p>\n","protected":false},"excerpt":{"rendered":"<p>Information gem\u00e4\u00df \u00a7 5 E-Commerce-Gesetz \/ Offenlegung gem\u00e4\u00df \u00a7 25 Mediengesetz Medieninhaberin &amp; f\u00fcr den Inhalt verantwortlich:Mag.a Daniela Gillinger, MA MEd MSc, Psychotherapeutin (Integrative Therapie)Franziskanergasse 12\/4, 3100 St. P\u00f6ltenTelefon: +43 699 11011 815Mitgliedschaft: \u00d6sterreichische Gesellschaft f\u00fcr Integrative Therapie (\u00d6GIT) sowie Nieder\u00f6sterreichische Gesellschaft f\u00fcr psychotherapeutische Versorgung (NOEGPV)Aufsichtsbeh\u00f6rde: Bundesministerium f\u00fcr Arbeit, Soziales, Gesundheit und KonsumentenschutzDie Aus\u00fcbung der&hellip;&nbsp;<a href=\"https:\/\/www.gillinger.at\/psychotherapie\/impressum\/\" class=\"\" rel=\"bookmark\">Weiterlesen &raquo;<span class=\"screen-reader-text\">IMPRESSUM<\/span><\/a><\/p>\n","protected":false},"author":1,"featured_media":0,"parent":0,"menu_order":0,"comment_status":"closed","ping_status":"closed","template":"","meta":{"neve_meta_sidebar":"full-width","neve_meta_container":"","neve_meta_enable_content_width":"on","neve_meta_content_width":100,"neve_meta_title_alignment":"","neve_meta_author_avatar":"","neve_post_elements_order":"","neve_meta_disable_header":"","neve_meta_disable_footer":"","neve_meta_disable_title":"","footnotes":""},"class_list":["post-5924","page","type-page","status-publish","hentry"],"_links":{"self":[{"href":"https:\/\/www.gillinger.at\/psychotherapie\/wp-json\/wp\/v2\/pages\/5924","targetHints":{"allow":["GET"]}}],"collection":[{"href":"https:\/\/www.gillinger.at\/psychotherapie\/wp-json\/wp\/v2\/pages"}],"about":[{"href":"https:\/\/www.gillinger.at\/psychotherapie\/wp-json\/wp\/v2\/types\/page"}],"author":[{"embeddable":true,"href":"https:\/\/www.gillinger.at\/psychotherapie\/wp-json\/wp\/v2\/users\/1"}],"replies":[{"embeddable":true,"href":"https:\/\/www.gillinger.at\/psychotherapie\/wp-json\/wp\/v2\/comments?post=5924"}],"version-history":[{"count":17,"href":"https:\/\/www.gillinger.at\/psychotherapie\/wp-json\/wp\/v2\/pages\/5924\/revisions"}],"predecessor-version":[{"id":10238,"href":"https:\/\/www.gillinger.at\/psychotherapie\/wp-json\/wp\/v2\/pages\/5924\/revisions\/10238"}],"wp:attachment":[{"href":"https:\/\/www.gillinger.at\/psychotherapie\/wp-json\/wp\/v2\/media?parent=5924"}],"curies":[{"name":"wp","href":"https:\/\/api.w.org\/{rel}","templated":true}]}}